{"id":221,"date":"2022-12-04T16:58:03","date_gmt":"2022-12-04T15:58:03","guid":{"rendered":"https:\/\/chiro90.wordpress.com\/?page_id=221"},"modified":"2025-05-25T16:10:06","modified_gmt":"2025-05-25T14:10:06","slug":"konzept","status":"publish","type":"page","link":"https:\/\/chiropraktik-oldenburg.de\/?page_id=221","title":{"rendered":"Unser Konzept"},"content":{"rendered":"\n<div class=\"wp-block-cover alignfull is-light has-parallax has-custom-content-position is-position-top-left\" style=\"min-height:700px;aspect-ratio:unset;\"><div class=\"wp-block-cover__image-background wp-image-987 has-parallax\" style=\"background-position:50% 50%;background-image:url(https:\/\/chiropraktik-oldenburg.de\/wp-content\/uploads\/2022\/12\/Konzept4-scaled.jpg)\"><\/div><span aria-hidden=\"true\" class=\"wp-block-cover__background has-background-background-color has-background-dim-20 has-background-dim\"><\/span><div class=\"wp-block-cover__inner-container is-layout-flow wp-block-cover-is-layout-flow\">\n<div class=\"wp-block-columns has-background is-layout-flex wp-container-core-columns-is-layout-28f84493 wp-block-columns-is-layout-flex\" style=\"border-radius:7px;background-color:#33333391\">\n<div class=\"wp-block-column is-layout-flow wp-block-column-is-layout-flow\">\n<p class=\"has-background-color has-text-color\" style=\"font-size:22px\">UNSER KONZEPT<\/p>\n<\/div>\n<\/div>\n<\/div><\/div>\n\n\n\n<div class=\"wp-block-columns alignfull has-background has-medium-font-size is-layout-flex wp-container-core-columns-is-layout-5c5cdacd wp-block-columns-is-layout-flex\" style=\"border-radius:7px;background:linear-gradient(90deg,rgba(51,51,51,0.83) 0%,rgb(51,51,51) 45%,rgba(51,51,51,0.83) 99%);padding-top:var(--wp--preset--spacing--20);padding-right:var(--wp--preset--spacing--20);padding-bottom:var(--wp--preset--spacing--20);padding-left:var(--wp--preset--spacing--20)\">\n<div class=\"wp-block-column is-layout-flow wp-block-column-is-layout-flow\">\n<p class=\"has-text-align-center has-background-color has-text-color\">Darum k\u00f6nnen wir Ihnen so effektiv helfen<\/p>\n<\/div>\n<\/div>\n\n\n\n<div class=\"wp-block-columns alignwide is-layout-flex wp-container-core-columns-is-layout-28f84493 wp-block-columns-is-layout-flex\">\n<div class=\"wp-block-column is-layout-flow wp-block-column-is-layout-flow\">\n<div class=\"wp-block-media-text alignwide is-stacked-on-mobile\" style=\"grid-template-columns:42% auto\"><figure class=\"wp-block-media-text__media\"><img fetchpriority=\"high\" decoding=\"async\" width=\"855\" height=\"632\" src=\"https:\/\/chiropraktik-oldenburg.de\/wp-content\/uploads\/2025\/05\/Konz.png\" alt=\"\" class=\"wp-image-2412 size-full\" srcset=\"https:\/\/chiropraktik-oldenburg.de\/wp-content\/uploads\/2025\/05\/Konz.png 855w, https:\/\/chiropraktik-oldenburg.de\/wp-content\/uploads\/2025\/05\/Konz-300x222.png 300w, https:\/\/chiropraktik-oldenburg.de\/wp-content\/uploads\/2025\/05\/Konz-768x568.png 768w\" sizes=\"(max-width: 855px) 100vw, 855px\" \/><\/figure><div class=\"wp-block-media-text__content\">\n<p class=\"has-text-align-center\">Wir haben uns spezialisiert, Ihre Beschwerden rund um den Bewegungsapparat zu behandeln. Gemeinsam geben wir t\u00e4glich unser Bestes, um Ihnen stets kompetent und nachhaltig zu helfen!<\/p>\n\n\n\n<p class=\"has-text-align-center\">Erfahren Sie in diesem Konzept, auf welche Aspekte unsere Praxis besonderen Wert legt, damit Sie und Ihre Gesundheit wirklich im Mittelpunkt stehen!<\/p>\n\n\n\n<p class=\"has-text-align-center has-medium-font-size\"><strong><em>&#8222;Qualit\u00e4t, die Sie sp\u00fcren k\u00f6nnen&#8220;<\/em><\/strong><\/p>\n<\/div><\/div>\n<\/div>\n<\/div>\n\n\n\n<div class=\"wp-block-columns alignfull has-background has-medium-font-size is-layout-flex wp-container-core-columns-is-layout-5c5cdacd wp-block-columns-is-layout-flex\" style=\"border-radius:7px;background:linear-gradient(90deg,rgba(51,51,51,0.83) 0%,rgb(51,51,51) 46%,rgba(51,51,51,0.83) 100%);padding-top:var(--wp--preset--spacing--20);padding-right:var(--wp--preset--spacing--20);padding-bottom:var(--wp--preset--spacing--20);padding-left:var(--wp--preset--spacing--20)\">\n<div class=\"wp-block-column is-layout-flow wp-block-column-is-layout-flow\">\n<p class=\"has-text-align-center has-background-color has-text-color\" style=\"font-size:1px\"><\/p>\n<\/div>\n<\/div>\n\n\n\n<div class=\"wp-block-media-text alignwide has-media-on-the-right is-stacked-on-mobile\" style=\"grid-template-columns:auto 40%\"><div class=\"wp-block-media-text__content\">\n<p style=\"font-size:18px\">Bei uns sind Sie in den <strong>besten H\u00e4nden<\/strong>, denn Chiropraktik ist <em>nicht gleich<\/em> Chiropraktik \u2013 es gibt erhebliche Unterschiede in der <strong>Ausbildung<\/strong>:<\/p>\n\n\n\n<p><strong>Chiropraktoren <\/strong>wie Herr Veal und Frau Feiler haben ein <strong>mehrj\u00e4hriges Studium<\/strong> absolviert und k\u00f6nnen Ihnen daher deutlich <strong>kompetenter<\/strong> und mit fundierterem <strong>Wissen <\/strong>und <strong>F\u00e4higkeiten <\/strong>helfen als etwa Chiropraktiker oder Chirotherapeuten. (mehr zu <a href=\"https:\/\/chiropraktik-oldenburg.de\/?page_id=234\">Chiropraktik<\/a>)<\/p>\n\n\n\n<p style=\"font-size:18px\">Zudem verf\u00fcgt die Praxis \u00fcber <strong>mehr als 15 Jahre Erfahrung<\/strong> in diesem speziellen und sensiblen Bereich des Bewegungsapparats. Mit unserem Team haben Sie somit <strong>erfahrene Spezialisten<\/strong> an Ihrer Seite, die ihr \u201eHandwerk\u201c wirklich verstehen.<\/p>\n<\/div><figure class=\"wp-block-media-text__media\"><img decoding=\"async\" width=\"860\" height=\"800\" src=\"https:\/\/chiropraktik-oldenburg.de\/wp-content\/uploads\/2025\/03\/1-8.png\" alt=\"\" class=\"wp-image-1968 size-full\" srcset=\"https:\/\/chiropraktik-oldenburg.de\/wp-content\/uploads\/2025\/03\/1-8.png 860w, https:\/\/chiropraktik-oldenburg.de\/wp-content\/uploads\/2025\/03\/1-8-300x279.png 300w, https:\/\/chiropraktik-oldenburg.de\/wp-content\/uploads\/2025\/03\/1-8-768x714.png 768w\" sizes=\"(max-width: 860px) 100vw, 860px\" \/><\/figure><\/div>\n\n\n\n<div class=\"wp-block-columns alignfull has-background has-medium-font-size is-layout-flex wp-container-core-columns-is-layout-5c5cdacd wp-block-columns-is-layout-flex\" style=\"border-radius:7px;background:linear-gradient(90deg,rgba(51,51,51,0.83) 0%,rgb(51,51,51) 46%,rgba(51,51,51,0.83) 100%);padding-top:var(--wp--preset--spacing--20);padding-right:var(--wp--preset--spacing--20);padding-bottom:var(--wp--preset--spacing--20);padding-left:var(--wp--preset--spacing--20)\">\n<div class=\"wp-block-column is-layout-flow wp-block-column-is-layout-flow\">\n<p class=\"has-text-align-center has-background-color has-text-color\" style=\"font-size:1px\"><\/p>\n<\/div>\n<\/div>\n\n\n\n<div class=\"wp-block-media-text alignwide is-stacked-on-mobile\" style=\"grid-template-columns:40% auto\"><figure class=\"wp-block-media-text__media\"><img decoding=\"async\" width=\"860\" height=\"800\" src=\"https:\/\/chiropraktik-oldenburg.de\/wp-content\/uploads\/2025\/03\/2-6.png\" alt=\"\" class=\"wp-image-1969 size-full\" srcset=\"https:\/\/chiropraktik-oldenburg.de\/wp-content\/uploads\/2025\/03\/2-6.png 860w, https:\/\/chiropraktik-oldenburg.de\/wp-content\/uploads\/2025\/03\/2-6-300x279.png 300w, https:\/\/chiropraktik-oldenburg.de\/wp-content\/uploads\/2025\/03\/2-6-768x714.png 768w\" sizes=\"(max-width: 860px) 100vw, 860px\" \/><\/figure><div class=\"wp-block-media-text__content\">\n<p>Blockaden und andere <strong>Probleme des Bewegungsapparats<\/strong> (Ursachen) bewirken h\u00e4ufig <strong>Verspannungen mit Beschwerden<\/strong> wie<strong> Kopf- <\/strong>oder<strong> R\u00fcckenschmerzen<\/strong> uvm. (Symptome)<\/p>\n\n\n\n<p>Gleichzeitig verleiten einen diese <strong>Beschwerden <\/strong>meist zu Schonhaltungen, welche wiederum Probleme wie <strong>Blockaden und andere Fehlstellungen des Bewegungsapparats <\/strong>verursachen.<\/p>\n\n\n\n<p>Ein Teufelskreis, der mit <em>einseitiger <\/em>Behandlung (<em>nur <\/em>Justierungen oder <em>nur <\/em>Muskelbehandlungen) <em>h\u00f6chstens tempor\u00e4r <\/em>durchbrochen werden k\u00f6nnte. Daher behandeln wir nach gezielter und fundierter <strong>Anamnese und Diagnostik<\/strong> unserer <strong>Experten<\/strong> stets <em>beides<\/em>: <strong>Ursachen <\/strong><em>und <\/em><strong>Symptome<\/strong> durch <strong>Justierungen<\/strong><em> <\/em><em>und<\/em><strong> <\/strong><strong>Muskelbehandlungen<\/strong>. Nur so gelingt es, Ihnen ganzheitlich, effektiv und langfristig zu helfen!<\/p>\n<\/div><\/div>\n\n\n\n<div class=\"wp-block-columns alignfull has-background has-medium-font-size is-layout-flex wp-container-core-columns-is-layout-5c5cdacd wp-block-columns-is-layout-flex\" style=\"border-radius:7px;background:linear-gradient(90deg,rgba(51,51,51,0.83) 0%,rgb(51,51,51) 46%,rgba(51,51,51,0.83) 100%);padding-top:var(--wp--preset--spacing--20);padding-right:var(--wp--preset--spacing--20);padding-bottom:var(--wp--preset--spacing--20);padding-left:var(--wp--preset--spacing--20)\">\n<div class=\"wp-block-column is-layout-flow wp-block-column-is-layout-flow\">\n<p class=\"has-text-align-center has-background-color has-text-color\" style=\"font-size:1px\"><\/p>\n<\/div>\n<\/div>\n\n\n\n<div class=\"wp-block-media-text alignwide has-media-on-the-right is-stacked-on-mobile is-vertically-aligned-center\" style=\"grid-template-columns:auto 40%\"><div class=\"wp-block-media-text__content\">\n<p><strong>Sie und Ihre Anliegen<\/strong> stehen bei uns im <strong>Mittelpunkt<\/strong>! Alles ist darauf abgestimmt, Ihnen bestm\u00f6glich zu helfen. Daher ist es f\u00fcr uns nicht nur selbstverst\u00e4ndlich, dass Sie von echten Spezialisten ganzheitlich behandelt werden.<\/p>\n\n\n\n<p>Wir nehmen uns auch <strong>Zeit<\/strong> <strong>nur f\u00fcr Sie<\/strong>! Andere Praxen machen teils 5min. Justierungs-Behandlungen, w\u00e4hrend Sie dabei noch in einer Reihe neben anderen Patienten liegen\u2026 <strong>Bei uns<\/strong> erhalten Sie dagegen bei einem Termin ca. <strong>25-30 min. volle Fokuszeit<\/strong> unserer Behandler <strong>nur f\u00fcr Sie<\/strong> &#8211; nat\u00fcrlich in einem <em>separaten<\/em> Behandlungsraum!<\/p>\n\n\n\n<p>\u00dcbrigens sind wir dadurch nicht teurer. Im Gegenteil: Unsere Preise und Rechnungen sind sogar so angepasst, dass Sie gr\u00f6\u00dftm\u00f6gliche Erstattungen von Ihrer Versicherung erhalten. (mehr dazu unter <a href=\"https:\/\/chiropraktik-oldenburg.de\/?page_id=2011\" data-type=\"page\" data-id=\"2011\">Preise und Kassen<\/a>)<\/p>\n<\/div><figure class=\"wp-block-media-text__media\"><img loading=\"lazy\" decoding=\"async\" width=\"860\" height=\"800\" src=\"https:\/\/chiropraktik-oldenburg.de\/wp-content\/uploads\/2025\/03\/3-6.png\" alt=\"\" class=\"wp-image-1970 size-full\" srcset=\"https:\/\/chiropraktik-oldenburg.de\/wp-content\/uploads\/2025\/03\/3-6.png 860w, https:\/\/chiropraktik-oldenburg.de\/wp-content\/uploads\/2025\/03\/3-6-300x279.png 300w, https:\/\/chiropraktik-oldenburg.de\/wp-content\/uploads\/2025\/03\/3-6-768x714.png 768w\" sizes=\"(max-width: 860px) 100vw, 860px\" \/><\/figure><\/div>\n\n\n\n<div class=\"wp-block-columns alignfull has-background has-medium-font-size is-layout-flex wp-container-core-columns-is-layout-5c5cdacd wp-block-columns-is-layout-flex\" style=\"border-radius:7px;background:linear-gradient(90deg,rgba(51,51,51,0.83) 0%,rgb(51,51,51) 46%,rgba(51,51,51,0.83) 100%);padding-top:var(--wp--preset--spacing--20);padding-right:var(--wp--preset--spacing--20);padding-bottom:var(--wp--preset--spacing--20);padding-left:var(--wp--preset--spacing--20)\">\n<div class=\"wp-block-column is-layout-flow wp-block-column-is-layout-flow\">\n<p class=\"has-text-align-center has-background-color has-text-color\" style=\"font-size:1px\"><\/p>\n<\/div>\n<\/div>\n\n\n\n<div class=\"wp-block-media-text alignwide is-stacked-on-mobile is-vertically-aligned-center\" style=\"grid-template-columns:40% auto\"><figure class=\"wp-block-media-text__media\"><img loading=\"lazy\" decoding=\"async\" width=\"860\" height=\"800\" src=\"https:\/\/chiropraktik-oldenburg.de\/wp-content\/uploads\/2025\/03\/4-5.png\" alt=\"\" class=\"wp-image-1971 size-full\" srcset=\"https:\/\/chiropraktik-oldenburg.de\/wp-content\/uploads\/2025\/03\/4-5.png 860w, https:\/\/chiropraktik-oldenburg.de\/wp-content\/uploads\/2025\/03\/4-5-300x279.png 300w, https:\/\/chiropraktik-oldenburg.de\/wp-content\/uploads\/2025\/03\/4-5-768x714.png 768w\" sizes=\"(max-width: 860px) 100vw, 860px\" \/><\/figure><div class=\"wp-block-media-text__content\">\n<p>Sie haben Beschwerden \u2013 doch Termine erst in Wochen oder gar Monaten? Nicht bei uns! Wir meinen: \u201eWenn Sie <strong>jetzt<\/strong> <strong>Beschwerden<\/strong> haben \u2013 sollten Sie auch <strong>schnell Hilfe<\/strong> bekommen!\u201c<\/p>\n\n\n\n<p>Meist sind <strong>Symptome <\/strong>wie Schmerz zwar eine logische Konsequenz einer l\u00e4nger zur\u00fcckliegenden Situation, falscher Haltungen oder Gewohnheiten, dessen Stress der K\u00f6rper eine Zeit lang so gut es geht kompensiert. Doch eines Tages gen\u00fcgt schon eine falsche Belastung oder Bewegung, um den K\u00f6rper in Alarmzustand zu versetzen. Aus dieser <strong>akuten Situation <\/strong>sollten Sie so <strong>schnell es geht heraus kommen<\/strong>!<\/p>\n\n\n\n<p>Bei uns erhalten Sie daher auch <strong>kurzfristig Termine<\/strong>! Keine langen Wartezeiten, kein vorheriger Besuch eines \u201eInfoabends\u201c. <\/p>\n\n\n\n<p>Zudem: Da wir eine Heilpraktiker-Praxis sind, k\u00f6nnen Sie <strong>direkt zu uns<\/strong> kommen &#8211; <em>ohne<\/em> zuvor einen Arzt \/ Orthop\u00e4den aufzusuchen. Ohne Rezept o.\u00c4. \u2013 <strong>direkt zu den Spezialisten<\/strong>.<\/p>\n<\/div><\/div>\n\n\n\n<div class=\"wp-block-columns alignfull has-background has-medium-font-size is-layout-flex wp-container-core-columns-is-layout-5c5cdacd wp-block-columns-is-layout-flex\" style=\"border-radius:7px;background:linear-gradient(90deg,rgba(51,51,51,0.83) 0%,rgb(51,51,51) 46%,rgba(51,51,51,0.83) 100%);padding-top:var(--wp--preset--spacing--20);padding-right:var(--wp--preset--spacing--20);padding-bottom:var(--wp--preset--spacing--20);padding-left:var(--wp--preset--spacing--20)\">\n<div class=\"wp-block-column is-layout-flow wp-block-column-is-layout-flow\">\n<p class=\"has-text-align-center has-background-color has-text-color\" style=\"font-size:1px\"><\/p>\n<\/div>\n<\/div>\n\n\n\n<div class=\"wp-block-media-text alignwide has-media-on-the-right is-stacked-on-mobile is-vertically-aligned-center\" style=\"grid-template-columns:auto 40%\"><div class=\"wp-block-media-text__content\">\n<p class=\"has-text-align-justify\">Um Ihnen bestm\u00f6glich zu helfen, behandeln wir ein <strong>gro\u00dfes Spektrum an Beschwerden<\/strong> rund um den Bewegungsapparat.<\/p>\n\n\n\n<p>Dies ist eine <strong>Auswahl<\/strong> der h\u00e4ufigsten <strong>Beschwerden<\/strong>, denen wir uns seit Jahren mit gro\u00dfem Erfolg widmen:<\/p>\n\n\n\n<ul class=\"wp-block-list\">\n<li><strong>Bewegungseinschr\u00e4nkungen<\/strong> im Nacken, der Bandscheiben, Iliosakral- oder H\u00fcftgelenk<\/li>\n\n\n\n<li><strong>akute <\/strong>\/ <strong>chronische Schmerzen<\/strong> im R\u00fccken, Kopf, Nacken, der H\u00fcfte oder der Extremit\u00e4ten<\/li>\n\n\n\n<li><strong>Folgeprobleme<\/strong> wie Schlafst\u00f6rungen, Tinnitus, Schwindel oder Konzentrationsprobleme<\/li>\n<\/ul>\n\n\n\n<p class=\"has-text-align-justify\">\u00dcbrigens <strong>lindern<\/strong> wir mit unseren Behandlungen nicht nur die Beschwerden, Chiropraktik ist auch eine wirksame Methode zur <em>Stabilisierung<\/em> und hat damit ebenso eine <strong>pr\u00e4ventive <\/strong>Funktion: <strong>Beschwerden lindern<\/strong> <em>und<\/em> <strong>Beschwerden vorbeugen<\/strong>! (mehr unter <a href=\"https:\/\/chiropraktik-oldenburg.de\/?page_id=20\" data-type=\"page\" data-id=\"20\">Behandlungsspektrum<\/a>)<\/p>\n<\/div><figure class=\"wp-block-media-text__media\"><img loading=\"lazy\" decoding=\"async\" width=\"860\" height=\"800\" src=\"https:\/\/chiropraktik-oldenburg.de\/wp-content\/uploads\/2025\/03\/5-5.png\" alt=\"\" class=\"wp-image-1972 size-full\" srcset=\"https:\/\/chiropraktik-oldenburg.de\/wp-content\/uploads\/2025\/03\/5-5.png 860w, https:\/\/chiropraktik-oldenburg.de\/wp-content\/uploads\/2025\/03\/5-5-300x279.png 300w, https:\/\/chiropraktik-oldenburg.de\/wp-content\/uploads\/2025\/03\/5-5-768x714.png 768w\" sizes=\"(max-width: 860px) 100vw, 860px\" \/><\/figure><\/div>\n\n\n\n<div class=\"wp-block-columns alignfull has-background has-medium-font-size is-layout-flex wp-container-core-columns-is-layout-5c5cdacd wp-block-columns-is-layout-flex\" style=\"border-radius:7px;background:linear-gradient(90deg,rgba(51,51,51,0.83) 0%,rgb(51,51,51) 46%,rgba(51,51,51,0.83) 100%);padding-top:var(--wp--preset--spacing--20);padding-right:var(--wp--preset--spacing--20);padding-bottom:var(--wp--preset--spacing--20);padding-left:var(--wp--preset--spacing--20)\">\n<div class=\"wp-block-column is-layout-flow wp-block-column-is-layout-flow\">\n<p class=\"has-text-align-center has-background-color has-text-color\" style=\"font-size:1px\"><\/p>\n<\/div>\n<\/div>\n\n\n\n<div class=\"wp-block-media-text alignwide is-stacked-on-mobile is-vertically-aligned-center\" style=\"grid-template-columns:40% auto\"><figure class=\"wp-block-media-text__media\"><img loading=\"lazy\" decoding=\"async\" width=\"860\" height=\"800\" src=\"https:\/\/chiropraktik-oldenburg.de\/wp-content\/uploads\/2025\/03\/6-5.png\" alt=\"\" class=\"wp-image-1973 size-full\" srcset=\"https:\/\/chiropraktik-oldenburg.de\/wp-content\/uploads\/2025\/03\/6-5.png 860w, https:\/\/chiropraktik-oldenburg.de\/wp-content\/uploads\/2025\/03\/6-5-300x279.png 300w, https:\/\/chiropraktik-oldenburg.de\/wp-content\/uploads\/2025\/03\/6-5-768x714.png 768w\" sizes=\"(max-width: 860px) 100vw, 860px\" \/><\/figure><div class=\"wp-block-media-text__content\">\n<p class=\"has-text-align-justify\">Wir legen Wert auf eine <strong>komfortable<\/strong>, <strong>einfache<\/strong> und <strong>flexible<\/strong> Terminvergabe \u2013 <em>online<\/em>, <em>telefonisch<\/em> oder auch <em>vor Ort<\/em> in der Praxis.<\/p>\n\n\n\n<p><strong>telefonisch<\/strong>: Rufen Sie gerne zu unseren \u00d6ffnungszeiten an. Bei uns erreichen Sie immer freundliche und kompetente Mitarbeiter, die Ihnen gerne helfen. Kein automatisches Computer-Men\u00fc, sondern echte Menschlichkeit. Wir freuen uns auf Ihren Anruf! <strong><a href=\"tel:044196010167\">0441 \u2013 960 101 67<\/a><\/strong><\/p>\n\n\n\n<p class=\"has-text-align-justify\"><strong>online<\/strong>: Oder buchen Sie <em>jederzeit<\/em> mit nur wenigen Klicks online Ihren gew\u00fcnschten Termin. Unsere Online-Terminvergabe ist kinderleicht, blitzschnell und l\u00e4uft ohne Account. Und das 24h am Tag, 7 Tage die Woche. \u00dcberzeugen Sie sich selbst! (<strong>zur <a href=\"http:\/\/onlinetermin.chiropraktik-oldenburg.de\">Online-Terminvergabe<\/a><\/strong>)<\/p>\n<\/div><\/div>\n\n\n\n<div style=\"height:50px\" aria-hidden=\"true\" class=\"wp-block-spacer\"><\/div>\n\n\n\n<p><\/p>\n","protected":false},"excerpt":{"rendered":"<p>Darum k\u00f6nnen wir Ihnen so effektiv helfen Wir haben uns spezialisiert, Ihre Beschwerden rund um den Bewegungsapparat zu behandeln. Gemeinsam geben wir t\u00e4glich unser Bestes, um Ihnen stets kompetent und nachhaltig zu helfen! Erfahren Sie in diesem Konzept, auf welche Aspekte unsere Praxis besonderen Wert legt, damit Sie und Ihre Gesundheit wirklich im Mittelpunkt stehen! [&hellip;]<\/p>\n","protected":false},"author":1,"featured_media":0,"parent":0,"menu_order":0,"comment_status":"closed","ping_status":"closed","template":"page-without-title","meta":{"_themeisle_gutenberg_block_has_review":false,"footnotes":""},"class_list":["post-221","page","type-page","status-publish","hentry"],"_links":{"self":[{"href":"https:\/\/chiropraktik-oldenburg.de\/index.php?rest_route=\/wp\/v2\/pages\/221","targetHints":{"allow":["GET"]}}],"collection":[{"href":"https:\/\/chiropraktik-oldenburg.de\/index.php?rest_route=\/wp\/v2\/pages"}],"about":[{"href":"https:\/\/chiropraktik-oldenburg.de\/index.php?rest_route=\/wp\/v2\/types\/page"}],"author":[{"embeddable":true,"href":"https:\/\/chiropraktik-oldenburg.de\/index.php?rest_route=\/wp\/v2\/users\/1"}],"replies":[{"embeddable":true,"href":"https:\/\/chiropraktik-oldenburg.de\/index.php?rest_route=%2Fwp%2Fv2%2Fcomments&post=221"}],"version-history":[{"count":61,"href":"https:\/\/chiropraktik-oldenburg.de\/index.php?rest_route=\/wp\/v2\/pages\/221\/revisions"}],"predecessor-version":[{"id":2419,"href":"https:\/\/chiropraktik-oldenburg.de\/index.php?rest_route=\/wp\/v2\/pages\/221\/revisions\/2419"}],"wp:attachment":[{"href":"https:\/\/chiropraktik-oldenburg.de\/index.php?rest_route=%2Fwp%2Fv2%2Fmedia&parent=221"}],"curies":[{"name":"wp","href":"https:\/\/api.w.org\/{rel}","templated":true}]}}